{"version":"1.0","provider_name":"Tajemnice Piel\u0119gnacji","provider_url":"https:\/\/refan-lublin.pl","author_name":"admin","author_url":"https:\/\/refan-lublin.pl\/index.php\/author\/admin\/","title":"Piel\u0119gnacja W\u0142os\u00f3w w Zimowej Aurze - Tajemnice Piel\u0119gnacji","type":"rich","width":600,"height":338,"html":"<blockquote class=\"wp-embedded-content\" data-secret=\"mosXWr2QxB\"><a href=\"https:\/\/refan-lublin.pl\/index.php\/2025\/08\/22\/pielegnacja-wlosow-w-zimowej-aurze\/\">Piel\u0119gnacja W\u0142os\u00f3w w Zimowej Aurze<\/a><\/blockquote><iframe sandbox=\"allow-scripts\" security=\"restricted\" src=\"https:\/\/refan-lublin.pl\/index.php\/2025\/08\/22\/pielegnacja-wlosow-w-zimowej-aurze\/embed\/#?secret=mosXWr2QxB\" width=\"600\" height=\"338\" title=\"&#8222;Piel\u0119gnacja W\u0142os\u00f3w w Zimowej Aurze&#8221; &#8212; Tajemnice Piel\u0119gnacji\" data-secret=\"mosXWr2QxB\" frameborder=\"0\" marginwidth=\"0\" marginheight=\"0\" scrolling=\"no\" class=\"wp-embedded-content\"><\/iframe><script type=\"text\/javascript\">\n\/* <![CDATA[ *\/\n\/*! This file is auto-generated *\/\n!function(d,l){\"use strict\";l.querySelector&&d.addEventListener&&\"undefined\"!=typeof URL&&(d.wp=d.wp||{},d.wp.receiveEmbedMessage||(d.wp.receiveEmbedMessage=function(e){var t=e.data;if((t||t.secret||t.message||t.value)&&!\/[^a-zA-Z0-9]\/.test(t.secret)){for(var s,r,n,a=l.querySelectorAll('iframe[data-secret=\"'+t.secret+'\"]'),o=l.querySelectorAll('blockquote[data-secret=\"'+t.secret+'\"]'),c=new RegExp(\"^https?:$\",\"i\"),i=0;i<o.length;i++)o[i].style.display=\"none\";for(i=0;i<a.length;i++)s=a[i],e.source===s.contentWindow&&(s.removeAttribute(\"style\"),\"height\"===t.message?(1e3<(r=parseInt(t.value,10))?r=1e3:~~r<200&&(r=200),s.height=r):\"link\"===t.message&&(r=new URL(s.getAttribute(\"src\")),n=new URL(t.value),c.test(n.protocol))&&n.host===r.host&&l.activeElement===s&&(d.top.location.href=t.value))}},d.addEventListener(\"message\",d.wp.receiveEmbedMessage,!1),l.addEventListener(\"DOMContentLoaded\",function(){for(var e,t,s=l.querySelectorAll(\"iframe.wp-embedded-content\"),r=0;r<s.length;r++)(t=(e=s[r]).getAttribute(\"data-secret\"))||(t=Math.random().toString(36).substring(2,12),e.src+=\"#?secret=\"+t,e.setAttribute(\"data-secret\",t)),e.contentWindow.postMessage({message:\"ready\",secret:t},\"*\")},!1)))}(window,document);\n\/\/# sourceURL=https:\/\/refan-lublin.pl\/wp-includes\/js\/wp-embed.min.js\n\/* ]]> *\/\n<\/script>\n","thumbnail_url":"https:\/\/refan-lublin.pl\/wp-content\/uploads\/2024\/10\/post_photo-85.webp","thumbnail_width":1024,"thumbnail_height":1024,"description":"Artyku\u0142 przedstawia skuteczne sposoby piel\u0119gnacji w\u0142os\u00f3w zim\u0105, podkre\u015blaj\u0105c negatywny wp\u0142yw niskich temperatur, wiatru i suchego powietrza na stan w\u0142os\u00f3w. Zaleca stosowanie nawil\u017caj\u0105cych szampon\u00f3w i od\u017cywek, unikanie gor\u0105cej wody podczas mycia oraz ograniczenie korzystania z suszarki, prostownicy i lok\u00f3wki. Dodatkowo artyku\u0142 podkre\u015bla znaczenie odpowiedniej diety bogatej w witaminy i minera\u0142y, aby wspom\u00f3c zdrowie w\u0142os\u00f3w. Zwraca uwag\u0119, \u017ce piel\u0119gnacja jest kluczowa nie tylko dla zachowania pi\u0119knej fryzury, ale r\u00f3wnie\u017c dla zdrowia w\u0142os\u00f3w w mro\u017ane dni, zach\u0119caj\u0105c do stosowania przedstawionych metod piel\u0119gnacji. Dodatkowo om\u00f3wiono efektywne metody ochrony w\u0142os\u00f3w przed negatywnym wp\u0142ywem warunk\u00f3w atmosferycznych, jak nakrycia g\u0142owy wykonane z naturalnych materia\u0142\u00f3w. Ca\u0142o\u015b\u0107 artyku\u0142u sk\u0142ania do w\u0142a\u015bciwej piel\u0119gnacji w\u0142os\u00f3w, aby cieszy\u0107 si\u0119 zdrow\u0105 i promienn\u0105 fryzur\u0105, pomimo trudnych warunk\u00f3w pogodowych."}